 {"id":874,"date":"2019-11-27T10:52:07","date_gmt":"2019-11-27T10:52:07","guid":{"rendered":"http:\/\/www.concyl.es\/?page_id=874"},"modified":"2025-07-24T08:39:47","modified_gmt":"2025-07-24T08:39:47","slug":"campanas-sanitarias-realizadas","status":"publish","type":"page","link":"https:\/\/www.concyl.es\/index.php\/campanas-sanitarias-realizadas\/","title":{"rendered":"Campa\u00f1as sanitarias <br> realizadas"},"content":{"rendered":"<style>\n  @import url(\"https:\/\/www.w3schools.com\/w3css\/4\/w3.css\");<br \/>\n h3{  margin:0% 0% 3% 0%!important; }<br \/>\nh3 {  text-align: center; color: #FFFCD1!important;  background: #006938!important;  padding: 5px 5px 5px 30px!important;  margin:0% 0% 0% 0%!important;}<br \/>\n img {  margin:0% 0% 0% 10%!important;}<br \/>\nh5{  margin:0% 0% 0% 0%!important;   font-size:18px !important; text-align: center !important;}<br \/>\n<\/style>\n<h3 style=\"text-align: center !important;\">Campa\u00f1as sanitarias realizadas<\/h3>\n<h5 style=\"text-align: center !important; margin-top: 8px!important; color: #fffcd1!important; background: #82c04b!important; font-size: 22px !important;\">Campa\u00f1as de Vacunaci\u00f3n frente a la Gripe<\/h5>\n<p><center><img decoding=\"async\" class=\"aligncenter wp-image-2543 size-large\" src=\"https:\/\/www.concyl.es\/wp-content\/uploads\/2024\/10\/CONCYL_Vacunacion_gripe_2024_25.jpg\" alt=\"Gripe\" width=\"500\" \/><\/center><\/p>\n<p style=\"text-align: center;\"><strong>Campa\u00f1a de Vacunaci\u00f3n Gripe 2024\u20132025<\/strong><\/p>\n<p><center><img decoding=\"async\" class=\"aligncenter wp-image-2543 size-large\" src=\"https:\/\/www.concyl.es\/wp-content\/uploads\/2023\/10\/CONCYL_Vacunacion_gripe_2023_24.png\" alt=\"Gripe\" width=\"500\" \/><\/center><\/p>\n<p style=\"text-align: center;\"><strong>Campa\u00f1a de Vacunaci\u00f3n Gripe 2023\u20132024<\/strong><\/p>\n<p><img decoding=\"async\" class=\"aligncenter wp-image-2543 size-large\" src=\"https:\/\/www.concyl.es\/wp-content\/uploads\/2022\/10\/csanitaria_2022.png\" alt=\"Gripe\" width=\"500\" \/><\/p>\n<p style=\"text-align: center;\"><strong>Campa\u00f1a de Vacunaci\u00f3n Gripe 2022\u20132023<\/strong><\/p>\n<p><img decoding=\"async\" class=\"aligncenter wp-image-2543 size-large\" src=\"https:\/\/www.concyl.es\/wp-content\/uploads\/2021\/11\/Cartel-1-768x606.jpg\" alt=\"Gripe\" width=\"500\" srcset=\"https:\/\/www.concyl.es\/wp-content\/uploads\/2021\/11\/Cartel-1-768x606.jpg 768w, https:\/\/www.concyl.es\/wp-content\/uploads\/2021\/11\/Cartel-1-300x237.jpg 300w, https:\/\/www.concyl.es\/wp-content\/uploads\/2021\/11\/Cartel-1-1024x808.jpg 1024w, https:\/\/www.concyl.es\/wp-content\/uploads\/2021\/11\/Cartel-1-1536x1212.jpg 1536w, https:\/\/www.concyl.es\/wp-content\/uploads\/2021\/11\/Cartel-1-2048x1616.jpg 2048w\" sizes=\"(max-width: 768px) 100vw, 768px\" \/><\/p>\n<p style=\"text-align: center;\"><strong>Campa\u00f1a de Vacunaci\u00f3n Gripe 2021\u20132022<\/strong><\/p>\n<h5 style=\"text-align: center !important; margin-top: 38px!important; color: #fffcd1!important; background: #82c04b!important; font-size: 22px !important;\">Campa\u00f1as de Informaci\u00f3n del Medicamento<\/h5>\n<p style=\"margin: 2% 5% 0% 5%!important;\">Apuesta del Consejo Auton\u00f3mico por la educaci\u00f3n en salud como medio m\u00e1s adecuado para potenciar la calidad sanitaria de los ciudadanos de nuestra Comunidad Aut\u00f3noma.<\/p>\n<p style=\"margin: 2% 5% 0% 5%!important;\">Iniciativa de Educaci\u00f3n Sanitaria impulsada por el Consejo de Colegios Profesionales de Farmac\u00e9uticos de Castilla y Le\u00f3n, bajo el lema general \u00abTu Farmac\u00e9utico te informa\u00bb con la colaboraci\u00f3n de los nueve Colegios de Castilla y Le\u00f3n.<\/p>\n<p style=\"margin: 2% 5% 0% 5%!important;\">Coordinada desde la Vocal\u00eda Auton\u00f3mica de Oficina de Farmacia con la implicaci\u00f3n directa de las Vocal\u00edas de Oficina de Farmacia de los nueve Colegios de Farmac\u00e9uticos de Castilla y Le\u00f3n para que, por primera vez en esta Comunidad, se realicen de forma simult\u00e1nea campa\u00f1as sanitarias desde todas las oficinas de farmacia de la regi\u00f3n.<\/p>\n<div class=\"w3-row\" style=\"margin: 5% 5% 0% 5%;\">\n<div class=\"w3-third w3-container \">\n<h5>\u00abEL ENVASE DE LOS MEDICAMENTOS\u00bb<\/h5>\n<p style=\"margin: 2% 5% 0% 5%!important;\"><a href=\"\/index.php\/campana-envase-de-los-medicamentos\/\"><br \/>\n<img decoding=\"async\" style=\"width: 225px;\" src=\"\/wp-content\/uploads\/2017\/12\/envase.jpg\" \/><br \/>\n<\/a><\/p>\n<\/div>\n<div class=\"w3-third w3-container\">\n<h5>\u00abPRODUCTOS DE PARAFARMACIA Y PUBLICITARIOS\u00bb<\/h5>\n<p style=\"margin: 2% 5% 0% 5%!important;\"><a href=\"\/index.php\/productos-de-parafarmacia-y-publicitarios\/\"><br \/>\n<img decoding=\"async\" style=\"width: 225px;\" src=\"\/wp-content\/uploads\/2017\/12\/producto.jpg\" \/><br \/>\n<\/a><\/p>\n<\/div>\n<div class=\"w3-third w3-container\">\n<h5>\u00abEL BUEN USO DE LAS FORMAS FARMAC\u00c9UTICAS\u00bb<\/h5>\n<p style=\"margin: 2% 5% 0% 5%!important;\"><a href=\"\/index.php\/el-buen-uso-de-las-formas-farmaceuticas\/\"><br \/>\n<img decoding=\"async\" style=\"width: 225px;\" src=\"\/wp-content\/uploads\/2017\/12\/formas.jpg\" \/><br \/>\n<\/a><\/p>\n<\/div>\n<\/div>\n<div class=\"w3-row\" style=\"margin: 5% 5% 0% 5%;\">\n<div class=\"w3-third w3-container \">\n<h5>\u00abLOS ANTIB\u00cdOTICOS SIEMPRE CON RECETA EN LA FARMACIA\u00bb<\/h5>\n<p style=\"margin: 2% 5% 0% 5%!important;\"><a href=\"\/index.php\/antibioticos\/\"><br \/>\n<img decoding=\"async\" style=\"width: 225px;\" src=\"\/wp-content\/uploads\/2017\/12\/antibioticos.jpg\" \/><br \/>\n<\/a><\/p>\n<\/div>\n<div class=\"w3-third w3-container\">\n<h5>\u00abPOR TU SEGURIDAD LOS MEDICAMENTOS S\u00d3LO EN LA FARMACIA\u00bb<\/h5>\n<p style=\"margin: 2% 5% 0% 5%!important;\"><a href=\"\/index.php\/falsificaciones\/\"><br \/>\n<img decoding=\"async\" style=\"width: 225px;\" src=\"\/wp-content\/uploads\/2017\/12\/falsificacion.jpg\" \/><br \/>\n<\/a><\/p>\n<\/div>\n<div class=\"w3-third w3-container\">\n<h5>\u00abMEDICAMENTOS ELABORADOS A BASE DE PLANTAS MEDICINALES, S\u00d3LO EN LA FARMACIA\u00bb<\/h5>\n<p style=\"margin: 2% 5% 0% 5%!important;\"><a href=\"\/index.php\/medicinales\/\"><br \/>\n<img decoding=\"async\" style=\"width: 225px;\" src=\"\/wp-content\/uploads\/2017\/12\/medicinales.jpg\" \/><br \/>\n<\/a><\/p>\n<\/div>\n<\/div>\n<div class=\"w3-row\" style=\"margin: 5% 5% 0% 5%;\">\n<div class=\"w3-third w3-container \">\n<h5>\u00abMEDICAMENTOS Y CONDUCCI\u00d3N\u00bb<\/h5>\n<p style=\"margin: 2% 5% 0% 5%!important;\"><a href=\"\/index.php\/conduccion\/\"><br \/>\n<img decoding=\"async\" style=\"width: 225px;\" src=\"\/wp-content\/uploads\/2017\/12\/conduccion.jpg\" \/><br \/>\n<\/a><\/p>\n<\/div>\n<div class=\"w3-third w3-container\">\n<h5>\u00abANTICONCEPTIVOS ORALES: DUDAS Y MITOS\u00bb<\/h5>\n<p style=\"margin: 2% 5% 0% 5%!important;\"><a href=\"\/index.php\/anticonceptivos\/\"><br \/>\n<img decoding=\"async\" style=\"width: 225px;\" src=\"\/wp-content\/uploads\/2017\/12\/anticonceptivos.jpg\" \/><br \/>\n<\/a><\/p>\n<\/div>\n<div class=\"w3-third w3-container\">\n<h2>w3-third<\/h2>\n<\/div>\n<\/div>\n","protected":false},"excerpt":{"rendered":"<p>Campa\u00f1as sanitarias realizadas Campa\u00f1as de Vacunaci\u00f3n frente a la Gripe Campa\u00f1a de Vacunaci\u00f3n Gripe 2024\u20132025 Campa\u00f1a de Vacunaci\u00f3n Gripe 2023\u20132024 Campa\u00f1a de Vacunaci\u00f3n Gripe 2022\u20132023 Campa\u00f1a de Vacunaci\u00f3n Gripe 2021\u20132022 Campa\u00f1as de Informaci\u00f3n del Medicamento Apuesta del Consejo Auton\u00f3mico por la educaci\u00f3n en salud como medio m\u00e1s adecuado para potenciar la calidad sanitaria de los [&hellip;]<\/p>\n","protected":false},"author":1,"featured_media":0,"parent":0,"menu_order":0,"comment_status":"closed","ping_status":"closed","template":"page-full-width.php","meta":{"footnotes":""},"class_list":["post-874","page","type-page","status-publish","hentry"],"_links":{"self":[{"href":"https:\/\/www.concyl.es\/index.php\/wp-json\/wp\/v2\/pages\/874","targetHints":{"allow":["GET"]}}],"collection":[{"href":"https:\/\/www.concyl.es\/index.php\/wp-json\/wp\/v2\/pages"}],"about":[{"href":"https:\/\/www.concyl.es\/index.php\/wp-json\/wp\/v2\/types\/page"}],"author":[{"embeddable":true,"href":"https:\/\/www.concyl.es\/index.php\/wp-json\/wp\/v2\/users\/1"}],"replies":[{"embeddable":true,"href":"https:\/\/www.concyl.es\/index.php\/wp-json\/wp\/v2\/comments?post=874"}],"version-history":[{"count":31,"href":"https:\/\/www.concyl.es\/index.php\/wp-json\/wp\/v2\/pages\/874\/revisions"}],"predecessor-version":[{"id":3769,"href":"https:\/\/www.concyl.es\/index.php\/wp-json\/wp\/v2\/pages\/874\/revisions\/3769"}],"wp:attachment":[{"href":"https:\/\/www.concyl.es\/index.php\/wp-json\/wp\/v2\/media?parent=874"}],"curies":[{"name":"wp","href":"https:\/\/api.w.org\/{rel}","templated":true}]}}