 {"id":496,"date":"2017-12-19T11:40:32","date_gmt":"2017-12-19T11:40:32","guid":{"rendered":"http:\/\/www.concyl.es\/?page_id=496"},"modified":"2026-03-20T14:47:45","modified_gmt":"2026-03-20T14:47:45","slug":"actividades-y-jornadas","status":"publish","type":"page","link":"https:\/\/www.concyl.es\/index.php\/actividades-y-jornadas\/","title":{"rendered":"Actividades y Jornadas"},"content":{"rendered":"<p><style>\n    \/* Estilos generales *\/\n    body {\n        font-family: Arial, sans-serif;\n        margin: 0;\n        padding: 0;\n        background-color: #f4f4f4;\n    }\n     \/* Contenedor principal para EPOC *\/\n    .contenedor {\n        max-width: 759px;\n        margin: 0 auto;\n        padding: 0 10px;\n        background-color: #fff;\n        box-shadow: 0 0 10px rgba(0,0,0,0.1);\n        margin-bottom: 30px; \/* Separaci\u00f3n con lo antiguo *\/\n    }\n     \/* Separadores \/ T\u00edtulos *\/\n    .separator {\n        margin: 20px 0 0 0 !important;\n        text-align: center;\n        color: #FFFCD1 !important;\n        background: #006938 !important;\n        width: 100%;\n        box-sizing: border-box;\n        padding: 10px 0;\n        font-size: 1.5em;\n        font-weight: bold;\n    }\n    h1.separator {\n        font-size: 1.8em;\n    }\n    \/* Grid de Im\u00e1genes *\/\n    .image-grid {\n        display: grid;\n        grid-template-columns: repeat(2, 1fr);\n        grid-gap: 10px;\n        margin: 20px 0;\n    }\n     .image-grid img {\n        width: 100%;\n        height: auto;\n        display: block;\n        cursor: pointer;\n        transition: transform 0.2s;\n        border: 1px solid #ddd;\n        border-radius: 4px;\n    }\n     .image-grid img:hover {\n        transform: scale(1.05);\n        box-shadow: 0 0 8px rgba(0,0,0,0.2);\n    }\n     \/* Ajuste para que la \u00faltima imagen ocupe el ancho completo si es impar *\/\n    .image-grid-item:last-child:nth-child(odd) {\n        grid-column: span 2;\n        justify-self: center;\n        width: 50%;\n    }\n    \/* Ajuste espec\u00edfico para m\u00f3vil si la imagen central queda muy peque\u00f1a *\/\n    @media (max-width: 600px) {\n         .image-grid-item:last-child:nth-child(odd) {\n            width: 100%;\n         }\n    }\n    \/* Modal (Lightbox) *\/\n    .modal {\n        display: none;\n        position: fixed;\n        z-index: 1000;\n        left: 0;\n        top: 0;\n        width: 100%;\n        height: 100%;\n        overflow: auto;\n        background-color: rgba(0, 0, 0, 0.8);\n    }\n     .modal-content {\n        margin: 5% auto;\n        display: block;\n        max-width: 90%;\n        max-height: 90%;\n    }\n     .close-modal {\n        position: absolute;\n        top: 20px;\n        right: 35px;\n        color: #fff;\n        font-size: 40px;\n        font-weight: bold;\n        cursor: pointer;\n    }\n     .close-modal:hover,\n    .close-modal:focus {\n        color: #bbb;\n        text-decoration: none;\n        cursor: pointer;\n    } >\n     \/* Texto y Columnas *\/\n    .texto-columna {\n        padding: 0 15px;\n    }\n     .titulo-seccion {\n        color: #006938!important;\n        margin-top: 25px!important;\n        margin-bottom: 15px!important;\n        font-size: 1.6em!important;\n        font-weight: bold!important;\n        line-height: 1.3!important;\n    }\n     .texto-columna p,\n    .texto-columna ul,\n    .texto-columna hr {\n        margin: 15px 0;\n        text-align: justify;\n        line-height: 1.6;\n    }\n    .texto-columna ul {\n        list-style-type: disc;\n        padding-left: 20px;\n    }\n    .texto-columna hr {\n        border: 0;\n        height: 1px;\n        background: #ccc;\n    }\n     \/* Enlaces *\/\n    .enlaces-titulo {\n        margin-top: 20px;\n    }\n    .lista-enlaces {\n        list-style-type: none;\n        padding-left: 0;\n        text-align: center;\n        padding-bottom: 20px;\n    }\n    .lista-enlaces li {\n        margin: 10px 0;\n    }\n    .lista-enlaces a {\n        color: #006938;\n        font-weight: bold;\n        text-decoration: none;\n        font-size: 1.1em;\n    }\n    .lista-enlaces a:hover {\n        text-decoration: underline;\n    }\n<\/style><\/p>\n<div id=\"INICIO\">\n<h3 style=\"text-align: center;\"><strong>Actividades y Jornadas<\/strong><\/h3>\n<\/div>\n<div class=\"contenedor\">\n<h1 class=\"separator\">II Jornada de Alimentaci\u00f3n y Farmacia de Castilla y Le\u00f3n<\/h1>\n<div style=\"text-align: center; padding: 20px 0;\"><a style=\"display: inline-block;\" href=\"https:\/\/www.concyl.es\/wp-content\/uploads\/2026\/03\/PROGRAMA_DIGITAL.pdf\" target=\"_blank\" rel=\"noopener\"> <img decoding=\"async\" style=\"display: block; margin: 0 auto; width: 80%; max-width: 600px; cursor: pointer; border: 1px solid #ddd; border-radius: 4px; transition: transform 0.2s;\" src=\"https:\/\/www.concyl.es\/wp-content\/uploads\/2026\/03\/20260311_II_J_ALIMENTACION_Portada.png\" alt=\"II Jornada de Alimentaci\u00f3n y Farmacia de Castilla y Le\u00f3n\" \/> <\/a><\/div>\n<\/div>\n<p><!-- ========================================================================== --><\/p>\n<p><!-- SECCI\u00d3N NUEVA (PRIMERA): D\u00cdA MUNDIAL DE LA EPOC --><\/p>\n<p><!-- ========================================================================== --><\/p>\n<div class=\"contenedor\">\n<h1 class=\"separator\">D\u00eda Mundial de la EPOC<\/h1>\n<div class=\"image-grid\">\n<div class=\"image-grid-item\"><img decoding=\"async\" class=\"clickable-image\" src=\"https:\/\/www.concyl.es\/wp-content\/uploads\/2025\/11\/EPOC_1.png\" alt=\"EPOC Diapositiva 1\" \/><\/div>\n<div class=\"image-grid-item\"><img decoding=\"async\" class=\"clickable-image\" src=\"https:\/\/www.concyl.es\/wp-content\/uploads\/2025\/11\/EPOC_2.png\" alt=\"EPOC Diapositiva 2\" \/><\/div>\n<div class=\"image-grid-item\"><img decoding=\"async\" class=\"clickable-image\" src=\"https:\/\/www.concyl.es\/wp-content\/uploads\/2025\/11\/EPOC_3.png\" alt=\"EPOC Diapositiva 3\" \/><\/div>\n<div class=\"image-grid-item\"><img decoding=\"async\" class=\"clickable-image\" src=\"https:\/\/www.concyl.es\/wp-content\/uploads\/2025\/11\/EPOC_4.png\" alt=\"EPOC Diapositiva 4\" \/><\/div>\n<div class=\"image-grid-item\"><img decoding=\"async\" class=\"clickable-image\" src=\"https:\/\/www.concyl.es\/wp-content\/uploads\/2025\/11\/EPOC_5.png\" alt=\"EPOC Diapositiva 5\" \/><\/div>\n<div class=\"image-grid-item\"><img decoding=\"async\" class=\"clickable-image\" src=\"https:\/\/www.concyl.es\/wp-content\/uploads\/2025\/11\/EPOC_6.png\" alt=\"EPOC Diapositiva 6\" \/><\/div>\n<\/div>\n<\/div>\n<div class=\"contenedor\">\n<div class=\"texto-columna\">\n<p>Con motivo del <strong>D\u00eda Mundial de la EPOC<\/strong> desde la Vocal\u00eda Auton\u00f3mica de Oficina de Farmacia queremos explicarte qu\u00e9 es y c\u00f3mo puedes encontrarte mejor si la padeces.<\/p>\n<p>La <strong>Enfermedad Pulmonar Obstructiva Cr\u00f3nica (EPOC)<\/strong> consiste en una obstrucci\u00f3n persistente del flujo a\u00e9reo y genera un da\u00f1o progresivo en los pulmones.<\/p>\n<h3 class=\"titulo-seccion\">Caracter\u00edsticas de la enfermedad<\/h3>\n<p>Es una enfermedad:<\/p>\n<ul>\n<li><strong>No reversible.<\/strong><\/li>\n<li><strong>Progresiva:<\/strong> Sin control adecuado, empeora la calidad de vida.<\/li>\n<li><strong>Prevenible.<\/strong><\/li>\n<\/ul>\n<h3 class=\"titulo-seccion\">Causas y Prevalencia<\/h3>\n<p>Su principal causa es el <strong>consumo de tabaco<\/strong>: el 73% de los diagn\u00f3sticos son fumadores o exfumadores.<\/p>\n<p>Se trata de una enfermedad com\u00fan:<\/p>\n<ul>\n<li>M\u00e1s de 250 millones de casos, seg\u00fan la OMS.<\/li>\n<li>Tercera causa de muerte en 2019.<\/li>\n<li>11,8% de la poblaci\u00f3n entre 40 y 80 a\u00f1os.<\/li>\n<\/ul>\n<h3 class=\"titulo-seccion\">\u00bfQu\u00e9 puedo hacer si me la han diagnosticado?<\/h3>\n<ul>\n<li><strong>Deja de fumar.<\/strong><\/li>\n<li>Sigue tu tratamiento correctamente, cumpliendo con la posolog\u00eda marcada por tu m\u00e9dico.<\/li>\n<li>Si tienes dudas, <strong>pide consejo a tu farmac\u00e9utico.<\/strong><\/li>\n<\/ul>\n<p><!-- Enlaces de redes sociales COMENTADOS --> <!--\n        \n\n\n\n<hr \/>\n        \n\n\n\n<h3 class=\"separator enlaces-titulo\">Enlaces<\/h3>\n\n\n\n\n        \n\n\n\n<ul class=\"lista-enlaces\">\n            \n\n\n\n<li><a href=\"#\" target=\"_blank\">Enlace a X<\/a><\/li>\n\n\n\n\n            \n\n\n\n<li><a href=\"#\" target=\"_blank\">Enlace a Instagram<\/a><\/li>\n\n\n\n\n            \n\n\n\n<li><a href=\"#\" target=\"_blank\">Enlace a LinkedIn<\/a><\/li>\n\n\n\n\n        <\/ul>\n\n\n\n\n        --><\/p>\n<\/div>\n<\/div>\n<p><!--div style=\"text-align: center; color: #ffffff!important; background: #7fbc00!important; padding: 5px 5px 5px 30px!important; margin: 0% 0% 0% 0%!important;\"><strong>I JORNADA DE ALIMENTACI\u00d3N Y FARMACIA DE CASTILLA Y LE\u00d3N<\/strong><\/div>\n\n\n\n\n\n\n\n\n<div>\u00a0<\/div>\n\n\n\n\n\n\n\n\n<div style=\"text-align: center;\"><a href=\"https:\/\/www.concyl.es\/wp-content\/uploads\/2024\/01\/Programa_I_Jornada_alimentacion_CyL_2024.pdf\" target=\"_blank\" rel=\"noopener\"> <img loading=\"lazy\" decoding=\"async\" class=\"size-medium wp-image-2527 aligncenter\" src=\"https:\/\/www.concyl.es\/wp-content\/uploads\/2024\/01\/ROLLUP-JORNADA-ALIMENTACION-CONCYL_.png\" alt=\"I JORNADA DE ALIMENTACI\u00d3N Y FARMACIA DE CASTILLA Y LE\u00d3N\" width=\"300\" height=\"225\" \/> <\/a><\/div>\n\n\n\n\n\n\n\n\n<div style=\"text-align: center;\"><a href=\"https:\/\/www.concyl.es\/index.php\/i-jornada-de-alimentacion-y-farmacia-de-castilla-y-leon\/#INICIO\" target=\"_blank\" rel=\"noopener\">V\u00eddeos de la Jornada de Alimentaci\u00f3n<\/a><\/div>\n\n\n\n\n\n\n\n\n<hr \/--><\/p>\n<p><!--p style=\"text-align: center; color: #ffffff!important; background: #7fbc00!important; padding: 5px 5px 5px 30px!important; margin: 0% 0% 0% 0%!important;\"><strong>FORMACI\u00d3N SOBRE CONSEJO FARMAC\u00c9UTICO EN EL CUIDADO DE LA PARED ABDOMINAL<\/strong><\/p>\n\n\n\n\n<p>< <\/p>\n\n\n\n\n<table>\n\n\n<tbody>\n\n\n<tr>\n\n\n<td style=\"width: 50%; text-align: center;\">\n\n\n[embed width=\"480\"]https:\/\/youtu.be\/6nrBXhShloQ[\/embed]\n\n\n\n\n<p>SESI\u00d3N 1<\/p>\n\n\n<\/td>\n\n\n<\/tr>\n\n\n\n\n<tr style=\"background-color: #ffffff;\">\n\n\n<td style=\"width: 50%; text-align: center;\">\n\n\n[embed width=\"480\"]https:\/\/youtu.be\/f5KX62doAM8[\/embed]\n\n\n\n\n<p>SESI\u00d3N 2<\/p>\n\n\n<\/td>\n\n\n<\/tr>\n\n\n\n\n<tr>\n\n\n<td style=\"width: 50%; text-align: center;\">\n\n\n[embed width=\"480\"]https:\/\/youtu.be\/XejBZ_W-OVo[\/embed]\n\n\n\n\n<p>SESI\u00d3N 3<\/p>\n\n\n<\/td>\n\n\n<\/tr>\n\n\n\n\n<tr style=\"background-color: #ffffff;\">\n\n\n<td style=\"width: 50%; text-align: center;\">\n\n\n[embed width=\"480\"]https:\/\/youtu.be\/gfUTkJO-ru0[\/embed]\n\n\n\n\n<p>SESI\u00d3N 4<\/p>\n\n\n<\/td>\n\n\n<\/tr>\n\n\n<\/tbody>\n\n\n<\/table>\n\n\n\n\n<hr \/>\n\n\n<p style=\"text-align: center; color: #ffffff!important; background: #7fbc00!important; padding: 5px 5px 5px 30px!important; margin: 0% 0% 0% 0%!important;\"><strong>FORMACI\u00d3N SOBRE OSTOM\u00cdA E INCONTINENCIA EN OFICINA DE FARMACIA<\/strong><\/p>\n\n\n\n\n\n\n\n\n\n<table>\n\n\n<tbody>\n\n\n<tr>\n\n\n<td style=\"width: 50%; text-align: center;\">\n\n\n[embed width=\"480\"]https:\/\/youtu.be\/zwUDPd4HsvE[\/embed]\n\n\n\n\n<p>SESI\u00d3N 1. OSTOM\u00cdA DIGESTIVA Y URINARIA<\/p>\n\n\n<\/td>\n\n\n<\/tr>\n\n\n\n\n<tr style=\"background-color: #ffffff;\">\n\n\n<td style=\"width: 50%; text-align: center;\">\n\n\n[embed width=\"480\"]https:\/\/youtu.be\/1XHMQzGPA6E[\/embed]\n\n\n\n\n<p>SESI\u00d3N 2. OSTOM\u00cdA DIGESTIVA Y URINARIA<\/p>\n\n\n<\/td>\n\n\n<\/tr>\n\n\n\n\n<tr>\n\n\n<td style=\"width: 50%; text-align: center;\">\n\n\n[embed width=\"480\"]https:\/\/youtu.be\/k6slBiEa3xI[\/embed]\n\n\n\n\n<p>SESI\u00d3N 3. INCONTINENCIA URINARIA Y FECAL<\/p>\n\n\n<\/td>\n\n\n<\/tr>\n\n\n\n\n<tr style=\"background-color: #ffffff;\">\n\n\n<td style=\"width: 50%; text-align: center;\">\n\n\n[embed width=\"480\"]https:\/\/youtu.be\/nIrsWmQ4NeY[\/embed]\n\n\n\n\n<p>SESI\u00d3N 4. INCONTINENCIA URINARIA Y FECAL<\/p>\n\n\n<\/td>\n\n\n<\/tr>\n\n\n<\/tbody>\n\n\n<\/table>\n\n\n\n\n<hr \/--><\/p>\n<p style=\"text-align: center; color: #ffffff!important; background: #7fbc00!important; padding: 5px 5px 5px 30px!important; margin: 0% 0% 0% 0%!important;\"><strong>P\u00cdLDORAS FORMATIVAS CONSEJO NUTRICIONAL FARMAC\u00c9UTICO<\/strong><\/p>\n<table>\n<tbody>\n<tr style=\"background-color: #ffffff;\">\n<td style=\"width: 50%; text-align: center;\">\n<p><iframe loading=\"lazy\" title=\"SESI\u00d3N 1. HIPERTENSI\u00d3N E HIPERCOLESTEROLEMIA\" width=\"480\" height=\"270\" src=\"https:\/\/www.youtube.com\/embed\/T-ArU1x2fYg?feature=oembed\" frameborder=\"0\" allow=\"accelerometer; autoplay; clipboard-write; encrypted-media; gyroscope; picture-in-picture; web-share\" referrerpolicy=\"strict-origin-when-cross-origin\" allowfullscreen><\/iframe><\/p>\n<p>SESI\u00d3N 1. HIPERTENSI\u00d3N E HIPERCOLESTEROLEMIA<\/p>\n<\/td>\n<\/tr>\n<tr style=\"background-color: #ffffff;\">\n<td style=\"width: 50%; text-align: center;\">\n<p><iframe loading=\"lazy\" title=\"SESI\u00d3N 2. CLIMATERIO\" width=\"480\" height=\"270\" src=\"https:\/\/www.youtube.com\/embed\/MHkdIE2O7_U?feature=oembed\" frameborder=\"0\" allow=\"accelerometer; autoplay; clipboard-write; encrypted-media; gyroscope; picture-in-picture; web-share\" referrerpolicy=\"strict-origin-when-cross-origin\" allowfullscreen><\/iframe><\/p>\n<p>SESI\u00d3N 2. CLIMATERIO<\/p>\n<\/td>\n<\/tr>\n<tr style=\"background-color: #ffffff;\">\n<td style=\"width: 50%; text-align: center;\">\n<p><iframe loading=\"lazy\" title=\"SESI\u00d3N 3. EMBARAZO Y LACTANCIA\" width=\"480\" height=\"270\" src=\"https:\/\/www.youtube.com\/embed\/NdKQZe9QNLk?feature=oembed\" frameborder=\"0\" allow=\"accelerometer; autoplay; clipboard-write; encrypted-media; gyroscope; picture-in-picture; web-share\" referrerpolicy=\"strict-origin-when-cross-origin\" allowfullscreen><\/iframe><\/p>\n<p>SESI\u00d3N 3. EMBARAZO Y LACTANCIA<\/p>\n<\/td>\n<\/tr>\n<tr style=\"background-color: #ffffff;\">\n<td style=\"width: 50%; text-align: center;\">\n<p><iframe loading=\"lazy\" title=\"SESI\u00d3N 4. ALIMENTACI\u00d3N Y SISTEMA INMUNE\" width=\"480\" height=\"270\" src=\"https:\/\/www.youtube.com\/embed\/jLTe2kaLRkA?feature=oembed\" frameborder=\"0\" allow=\"accelerometer; autoplay; clipboard-write; encrypted-media; gyroscope; picture-in-picture; web-share\" referrerpolicy=\"strict-origin-when-cross-origin\" allowfullscreen><\/iframe><\/p>\n<p>SESI\u00d3N 4. ALIMENTACI\u00d3N Y SISTEMA INMUNE<\/p>\n<\/td>\n<\/tr>\n<tr style=\"background-color: #ffffff;\">\n<td style=\"width: 50%; text-align: center;\">\n<p><iframe loading=\"lazy\" title=\"SESI\u00d3N 5. ALIMENTACI\u00d3N Y DIABETES\" width=\"480\" height=\"270\" src=\"https:\/\/www.youtube.com\/embed\/0qLVY6Pl5L0?feature=oembed\" frameborder=\"0\" allow=\"accelerometer; autoplay; clipboard-write; encrypted-media; gyroscope; picture-in-picture; web-share\" referrerpolicy=\"strict-origin-when-cross-origin\" allowfullscreen><\/iframe><\/p>\n<p>SESI\u00d3N 5. ALIMENTACI\u00d3N Y DIABETES<\/p>\n<\/td>\n<\/tr>\n<tr style=\"background-color: #ffffff;\">\n<td style=\"width: 50%; text-align: center;\">\n<p><iframe loading=\"lazy\" title=\"SESI\u00d3N 6. ALIMENTACI\u00d3N Y DERMATOLOG\u00cdA\" width=\"480\" height=\"270\" src=\"https:\/\/www.youtube.com\/embed\/jnHUKhG70K8?feature=oembed\" frameborder=\"0\" allow=\"accelerometer; autoplay; clipboard-write; encrypted-media; gyroscope; picture-in-picture; web-share\" referrerpolicy=\"strict-origin-when-cross-origin\" allowfullscreen><\/iframe><\/p>\n<p>SESI\u00d3N 6. ALIMENTACI\u00d3N Y DERMATOLOG\u00cdA<\/p>\n<\/td>\n<\/tr>\n<tr style=\"background-color: #ffffff;\">\n<td style=\"width: 50%; text-align: center;\">\n<p><iframe loading=\"lazy\" title=\"SESI\u00d3N 7. NUTRICI\u00d3N DEPORTIVA\" width=\"480\" height=\"270\" src=\"https:\/\/www.youtube.com\/embed\/4pwb3AFT-lw?feature=oembed\" frameborder=\"0\" allow=\"accelerometer; autoplay; clipboard-write; encrypted-media; gyroscope; picture-in-picture; web-share\" referrerpolicy=\"strict-origin-when-cross-origin\" allowfullscreen><\/iframe><\/p>\n<p>SESI\u00d3N 7. NUTRICI\u00d3N DEPORTIVA<\/p>\n<\/td>\n<\/tr>\n<tr style=\"background-color: #ffffff;\">\n<td style=\"width: 50%; text-align: center;\">\n<p><iframe loading=\"lazy\" title=\"SESI\u00d3N 8. SUPLEMENTACI\u00d3N DEPORTIVA\" width=\"480\" height=\"270\" src=\"https:\/\/www.youtube.com\/embed\/2Jqv5Y42ptA?feature=oembed\" frameborder=\"0\" allow=\"accelerometer; autoplay; clipboard-write; encrypted-media; gyroscope; picture-in-picture; web-share\" referrerpolicy=\"strict-origin-when-cross-origin\" allowfullscreen><\/iframe><\/p>\n<p>SESI\u00d3N 8. SUPLEMENTACI\u00d3N DEPORTIVA<\/p>\n<\/td>\n<\/tr>\n<\/tbody>\n<\/table>\n<hr \/>\n<div style=\"text-align: center; color: #ffffff!important; background: #7fbc00!important; padding: 5px 5px 5px 30px!important; margin: 0% 0% 0% 0%!important;\"><strong>Curso Sistemas Personalizados de Dosificaci\u00f3n: SPD CONCYL \u2013 Consulta fecha en tu Colegio de Farmac\u00e9uticos<\/strong><\/div>\n<div>\u00a0<\/div>\n<div style=\"text-align: center;\"><img loading=\"lazy\" decoding=\"async\" class=\"size-medium wp-image-2527 aligncenter\" src=\"https:\/\/www.concyl.es\/wp-content\/uploads\/2021\/11\/SPD-300x225.jpg\" alt=\"SPD\" width=\"300\" height=\"225\" srcset=\"https:\/\/www.concyl.es\/wp-content\/uploads\/2021\/11\/SPD-300x225.jpg 300w, https:\/\/www.concyl.es\/wp-content\/uploads\/2021\/11\/SPD-1024x768.jpg 1024w, https:\/\/www.concyl.es\/wp-content\/uploads\/2021\/11\/SPD-768x576.jpg 768w, https:\/\/www.concyl.es\/wp-content\/uploads\/2021\/11\/SPD-1536x1152.jpg 1536w, https:\/\/www.concyl.es\/wp-content\/uploads\/2021\/11\/SPD.jpg 2000w\" sizes=\"auto, (max-width: 300px) 100vw, 300px\" \/><\/div>\n<hr \/>\n<div style=\"text-align: center; color: #ffffff!important; background: #7fbc00!important; padding: 5px 5px 5px 30px!important; margin: 0% 0% 0% 0%!important;\"><strong>P\u00edldoras formativas Campa\u00f1a de la gripe 2024-2025<\/strong><\/div>\n<div>\u00a0<\/div>\n<div style=\"text-align: center;\"><img loading=\"lazy\" decoding=\"async\" class=\"wp-image-3313 size-medium aligncenter\" src=\"https:\/\/www.concyl.es\/wp-content\/uploads\/2024\/10\/CONCYL_Vacunacion_gripe_2024_25-212x300.jpg\" alt=\"\" width=\"212\" height=\"300\" srcset=\"https:\/\/www.concyl.es\/wp-content\/uploads\/2024\/10\/CONCYL_Vacunacion_gripe_2024_25-212x300.jpg 212w, https:\/\/www.concyl.es\/wp-content\/uploads\/2024\/10\/CONCYL_Vacunacion_gripe_2024_25.jpg 600w\" sizes=\"auto, (max-width: 212px) 100vw, 212px\" \/><\/div>\n<div>\u00a0<\/div>\n<div>\u00a0<\/div>\n<div>\n<table style=\"width: 100%; height: 279px;\">\n<tbody>\n<tr style=\"background-color: #ffffff;\">\n<td style=\"width: 50%; text-align: center; height: 10px;\">\u00a0<\/td>\n<\/tr>\n<tr style=\"background-color: #ffffff;\">\n<td style=\"width: 50%; text-align: center; height: 269px;\">\n<p><iframe loading=\"lazy\" title=\"P\u00edldora gripe 2024\" width=\"480\" height=\"270\" src=\"https:\/\/www.youtube.com\/embed\/NZYhYyrNW9Y?feature=oembed\" frameborder=\"0\" allow=\"accelerometer; autoplay; clipboard-write; encrypted-media; gyroscope; picture-in-picture; web-share\" referrerpolicy=\"strict-origin-when-cross-origin\" allowfullscreen><\/iframe><\/p>\n<p>P\u00cdLDORA FORMATIVA CAMPA\u00d1A GRIPE 2024 &#8211; 2025<\/p>\n<\/td>\n<\/tr>\n<\/tbody>\n<\/table>\n<\/div>\n<hr \/>\n<div style=\"text-align: center; color: #ffffff!important; background: #7fbc00!important; padding: 5px 5px 5px 30px!important; margin: 0% 0% 0% 0%!important;\"><strong>P\u00edldora formativa Alimentaci\u00f3n: Tu farmac\u00e9utico te informa en hipertensi\u00f3n e hipercolesterolemia \u2013 2 de noviembre de 2021<\/strong><\/div>\n<div>\u00a0<\/div>\n<div style=\"text-align: center;\"><img loading=\"lazy\" decoding=\"async\" class=\"size-medium wp-image-2529 aligncenter\" src=\"https:\/\/www.concyl.es\/wp-content\/uploads\/2021\/11\/Hipertension-212x300.jpg\" alt=\"Hipertensi\u00f3n e hipercolesterolemia\" width=\"212\" height=\"300\" srcset=\"https:\/\/www.concyl.es\/wp-content\/uploads\/2021\/11\/Hipertension-212x300.jpg 212w, https:\/\/www.concyl.es\/wp-content\/uploads\/2021\/11\/Hipertension-724x1024.jpg 724w, https:\/\/www.concyl.es\/wp-content\/uploads\/2021\/11\/Hipertension-768x1086.jpg 768w, https:\/\/www.concyl.es\/wp-content\/uploads\/2021\/11\/Hipertension-1086x1536.jpg 1086w, https:\/\/www.concyl.es\/wp-content\/uploads\/2021\/11\/Hipertension-1448x2048.jpg 1448w, https:\/\/www.concyl.es\/wp-content\/uploads\/2021\/11\/Hipertension-scaled.jpg 1811w\" sizes=\"auto, (max-width: 212px) 100vw, 212px\" \/><\/div>\n<hr \/>\n<div style=\"text-align: center; color: #ffffff!important; background: #7fbc00!important; padding: 5px 5px 5px 30px!important; margin: 0% 0% 0% 0%!important;\"><strong>1\u00aa y 2\u00aa Sesi\u00f3n Ostom\u00eda e Incontinencia en Oficina de Farmacia \u2013 19 y 20 de octubre de 2021<\/strong><\/div>\n<div>\u00a0<\/div>\n<div style=\"text-align: center;\"><img loading=\"lazy\" decoding=\"async\" class=\"size-medium wp-image-2531 aligncenter\" src=\"https:\/\/www.concyl.es\/wp-content\/uploads\/2021\/11\/Ostomia-300x225.jpg\" alt=\"Ostom\u00eda\" width=\"300\" height=\"225\" srcset=\"https:\/\/www.concyl.es\/wp-content\/uploads\/2021\/11\/Ostomia-300x225.jpg 300w, https:\/\/www.concyl.es\/wp-content\/uploads\/2021\/11\/Ostomia-1024x768.jpg 1024w, https:\/\/www.concyl.es\/wp-content\/uploads\/2021\/11\/Ostomia-768x576.jpg 768w, https:\/\/www.concyl.es\/wp-content\/uploads\/2021\/11\/Ostomia-1536x1152.jpg 1536w, https:\/\/www.concyl.es\/wp-content\/uploads\/2021\/11\/Ostomia.jpg 2000w\" sizes=\"auto, (max-width: 300px) 100vw, 300px\" \/><\/div>\n<hr \/>\n<div style=\"text-align: center; color: #ffffff!important; background: #7fbc00!important; padding: 5px 5px 5px 30px!important; margin: 0% 0% 0% 0%!important;\"><strong>3\u00aa Sesi\u00f3n Dolor Cr\u00f3nico en Oficina de Farmacia \u2013 28 de septiembre de 2021<\/strong><\/div>\n<div>\u00a0<\/div>\n<div style=\"text-align: center;\"><img loading=\"lazy\" decoding=\"async\" class=\"size-medium wp-image-2530 aligncenter\" src=\"https:\/\/www.concyl.es\/wp-content\/uploads\/2021\/11\/Dolor-240x300.jpg\" alt=\"Dolor\" width=\"240\" height=\"300\" srcset=\"https:\/\/www.concyl.es\/wp-content\/uploads\/2021\/11\/Dolor-240x300.jpg 240w, https:\/\/www.concyl.es\/wp-content\/uploads\/2021\/11\/Dolor-819x1024.jpg 819w, https:\/\/www.concyl.es\/wp-content\/uploads\/2021\/11\/Dolor-768x960.jpg 768w, https:\/\/www.concyl.es\/wp-content\/uploads\/2021\/11\/Dolor-1229x1536.jpg 1229w, https:\/\/www.concyl.es\/wp-content\/uploads\/2021\/11\/Dolor-1638x2048.jpg 1638w, https:\/\/www.concyl.es\/wp-content\/uploads\/2021\/11\/Dolor-scaled.jpg 2048w\" sizes=\"auto, (max-width: 240px) 100vw, 240px\" \/><\/div>\n<hr \/>\n<div style=\"text-align: center; color: #ffffff!important; background: #7fbc00!important; padding: 5px 5px 5px 30px!important; margin: 0% 0% 0% 0%!important;\"><strong>Congreso farmac\u00e9utico de Castilla y Le\u00f3n<\/strong><\/div>\n<div>\u00a0<\/div>\n<div style=\"text-align: center;\"><a href=\"\/files\/XI_Congreso_Farmaceutico_CyL.pdf\"> <img decoding=\"async\" class=\"w3-round aligncenter\" style=\"width: 80%;\" src=\"\/wp-content\/uploads\/2019\/11\/Sliders_02_CONGRESO_2019.png\" alt=\"Congreso 2019\" \/><\/a><\/div>\n<p><script> \n    const modal = document.getElementById('imageModal'); \n    const modalImg = document.getElementById('modalImage'); \n    const closeModal = document.getElementsByClassName('close-modal')[0]; \n     const images = document.querySelectorAll('.clickable-image'); \n     images.forEach(img => { \n        img.addEventListener('click', () => { \n            modal.style.display = 'block'; \n            modalImg.src = img.src; \n            modalImg.alt = img.alt;< \n        }); \n    }); \n    closeModal.addEventListener('click', () => { \n        modal.style.display = 'none'; \n    }); \n      window.addEventListener('click', (e) => { \n        if (e.target === modal) { \n            modal.style.display = 'none'; \n        } \n    }); \n     document.addEventListener('keydown', (e) => { \n        if (e.key === \"Escape\" && modal.style.display === 'block') { \n            modal.style.display = 'none'; \n        } \n    }); \n<\/script><\/p>\n\n\n<p><\/p>\n","protected":false},"excerpt":{"rendered":"<p>Actividades y Jornadas II Jornada de Alimentaci\u00f3n y Farmacia de Castilla y Le\u00f3n D\u00eda Mundial de la EPOC Con motivo del D\u00eda Mundial de la EPOC desde la Vocal\u00eda Auton\u00f3mica de Oficina de Farmacia queremos explicarte qu\u00e9 es y c\u00f3mo puedes encontrarte mejor si la padeces. La Enfermedad Pulmonar Obstructiva Cr\u00f3nica (EPOC) consiste en una [&hellip;]<\/p>\n","protected":false},"author":1,"featured_media":0,"parent":0,"menu_order":0,"comment_status":"closed","ping_status":"closed","template":"page-full-width.php","meta":{"footnotes":""},"class_list":["post-496","page","type-page","status-publish","hentry"],"_links":{"self":[{"href":"https:\/\/www.concyl.es\/index.php\/wp-json\/wp\/v2\/pages\/496","targetHints":{"allow":["GET"]}}],"collection":[{"href":"https:\/\/www.concyl.es\/index.php\/wp-json\/wp\/v2\/pages"}],"about":[{"href":"https:\/\/www.concyl.es\/index.php\/wp-json\/wp\/v2\/types\/page"}],"author":[{"embeddable":true,"href":"https:\/\/www.concyl.es\/index.php\/wp-json\/wp\/v2\/users\/1"}],"replies":[{"embeddable":true,"href":"https:\/\/www.concyl.es\/index.php\/wp-json\/wp\/v2\/comments?post=496"}],"version-history":[{"count":78,"href":"https:\/\/www.concyl.es\/index.php\/wp-json\/wp\/v2\/pages\/496\/revisions"}],"predecessor-version":[{"id":4002,"href":"https:\/\/www.concyl.es\/index.php\/wp-json\/wp\/v2\/pages\/496\/revisions\/4002"}],"wp:attachment":[{"href":"https:\/\/www.concyl.es\/index.php\/wp-json\/wp\/v2\/media?parent=496"}],"curies":[{"name":"wp","href":"https:\/\/api.w.org\/{rel}","templated":true}]}}