 {"id":3454,"date":"2025-01-15T18:42:46","date_gmt":"2025-01-15T18:42:46","guid":{"rendered":"https:\/\/www.concyl.es\/?page_id=3454"},"modified":"2025-01-16T13:21:05","modified_gmt":"2025-01-16T13:21:05","slug":"consejosalimentacion","status":"publish","type":"page","link":"https:\/\/www.concyl.es\/index.php\/consejosalimentacion\/","title":{"rendered":"Consejos de Alimentaci\u00f3n"},"content":{"rendered":"\n<!-- Incluir Font Awesome para los iconos -->\n<p><style>\n    \/* Estilos generales *\/\n    body {\n      font-family: Arial, sans-serif;\n      margin: 0;\n      padding: 0;\n    }\n\n    \/* Contenedor principal *\/\n    .contenedor {\n      max-width: 759px;\n      margin: 0 auto;\n      padding: 0 10px;\n    }\n\n    \/* Estilos para los enlaces de descarga *\/\n    .download-link {\n      display: block;\n      margin-bottom: 15px;\n      text-decoration: none;\n      color: #006938 !important;\n    }\n\n    .download-link i {\n      font-size: 24px;\n      vertical-align: middle;\n    }\n\n    .download-link span {\n      font-weight: bold;\n      margin-left: 8px;\n    }\n\n    \/* Estilos para el separador *\/\n    .separator {\n      margin: 20px 0 0 0 !important;\n      text-align: center;\n      color: #FFFCD1 !important;\n      background: #006938 !important;\n      width: 100%;\n      box-sizing: border-box;\n      padding: 10px 0;\n    }\n\n    \/* Estilos para el grid de im\u00e1genes en formato 2x2 *\/\n    .image-grid {\n      display: grid;\n      grid-template-columns: repeat(2, 1fr);\n      grid-gap: 10px; \/* Espacio entre im\u00e1genes *\/\n      margin: 20px 0;\n    }\n\n    .image-grid img {\n      width: 100%;\n      height: auto;\n      display: block;\n      cursor: pointer;\n      transition: transform 0.2s;\n    }\n\n    .image-grid img:hover {\n      transform: scale(1.05);\n    }\n\n    \/* Estilos para el modal *\/\n    .modal {\n      display: none; \/* Oculto por defecto *\/\n      position: fixed;\n      z-index: 1000;\n      left: 0;\n      top: 0;\n      width: 100%;\n      height: 100%;\n      overflow: auto;\n      background-color: rgba(0, 0, 0, 0.8);\n    }\n\n    .modal-content {\n      margin: 5% auto;\n      display: block;\n      max-width: 90%;\n      max-height: 80%;\n    }\n\n    \/* Estilos para cerrar el modal *\/\n    .close-modal {\n      position: absolute;\n      top: 20px;\n      right: 35px;\n      color: #fff;\n      font-size: 40px;\n      font-weight: bold;\n      cursor: pointer;\n    }\n\n    .close-modal:hover,\n    .close-modal:focus {\n      color: #bbb;\n      text-decoration: none;\n      cursor: pointer;\n    }\n\n    \/* Estilos para el texto en columna \u00fanica *\/\n    .texto-columna p,\n    .texto-columna ul,\n    .texto-columna ol,\n    .texto-columna hr {\n      margin: 15px 0;\n      text-align: justify;\n    }\n\n    \/* Margen extra entre el t\u00edtulo \"Enlaces\" y la lista de enlaces *\/\n    .enlaces {\n      margin-top: 20px;\n    }\n  <\/style><\/p>\n<!-- Contenedor principal -->\n<div class=\"contenedor\"><!-- Separador \"Im\u00e1genes\" -->\n<h3 class=\"separator\">Alimentaci\u00f3n en pacientes con C\u00e1ncer<\/h3>\n<!-- Grid de im\u00e1genes en cuadr\u00edcula 2x2 -->\n<div class=\"image-grid\"><!-- Imagen 1 -->\n<div><img decoding=\"async\" class=\"clickable-image\" src=\"https:\/\/www.concyl.es\/wp-content\/uploads\/2025\/01\/Diapositiva1.jpg\" alt=\"Diapositiva 1\"><\/div>\n<!-- Imagen 2 -->\n<div><img decoding=\"async\" class=\"clickable-image\" src=\"https:\/\/www.concyl.es\/wp-content\/uploads\/2025\/01\/Diapositiva2.jpg\" alt=\"Diapositiva 2\"><\/div>\n<!-- Imagen 3 -->\n<div><img decoding=\"async\" class=\"clickable-image\" src=\"https:\/\/www.concyl.es\/wp-content\/uploads\/2025\/01\/Diapositiva3.jpg\" alt=\"Diapositiva 3\"><\/div>\n<!-- Imagen 4 -->\n<div><img decoding=\"async\" class=\"clickable-image\" src=\"https:\/\/www.concyl.es\/wp-content\/uploads\/2025\/01\/Diapositiva4.jpg\" alt=\"Diapositiva 4\"><\/div>\n<\/div>\n<!-- Modal para mostrar im\u00e1genes en tama\u00f1o completo -->\n<div id=\"imageModal\" class=\"modal\"><span class=\"close-modal\">\u00d7<\/span> <img id=\"modalImage\" class=\"modal-content\"><\/div>\n<!-- Contenedor para el texto en columna \u00fanica -->\n<div class=\"texto-columna\"><!-- Se ha eliminado el segundo t\u00edtulo \"Alimentaci\u00f3n en pacientes con c\u00e1ncer\" -->\n<li>Como en cualquier enfermedad, <strong>en el paciente con c\u00e1ncer<\/strong> <strong>la alimentaci\u00f3n es crucial<\/strong>. La alimentaci\u00f3n puede influir positiva o negativamente en el desarrollo de la enfermedad, ya que no solo impacta en el estado f\u00edsico, sino que tambi\u00e9n puede repercutir en la efectividad del tratamiento farmacol\u00f3gico pautado.<\/li>\n<hr>\n<p><strong>CONSECUENCIAS DE UNA ALIMENTACI\u00d3N INADECUADA:<\/strong><\/p>\n<ul>\n<li>Desnutrici\u00f3n<\/li>\n<li>Sobrepeso\/obesidad<\/li>\n<li>Sarcopenia<\/li>\n<li>Fragilidad<\/li>\n<li>Mayor toxicidad de tratamientos<\/li>\n<li>Fracaso terap\u00e9utico oncol\u00f3gico<\/li>\n<li>Mayor mortalidad<\/li>\n<\/ul>\n<hr>\n<p><strong>Para empezar, es aconsejable que <strong>ANTES DE NADA:<\/strong><\/strong><\/p>\n<ol>\n<li>Tomes medidas <strong>cuanto antes<\/strong> (incluso estando bien en el momento del diagn\u00f3stico)<\/li>\n<li>Pidas asesoramiento a un <strong>profesional experto<\/strong> en el tema.<\/li>\n<li>Realices una <strong>valoraci\u00f3n nutricional<\/strong><\/li>\n<li>Identifiques tus <strong>debilidades y fortalezas<\/strong> (hambre, ansiedad, gustos\u2026)<\/li>\n<li>No tomes <strong>complementos alimenticios<\/strong> sin consultar<\/li>\n<\/ol>\n<hr>\n<p>Adem\u00e1s, te vendr\u00e1n bien estos <strong>CONSEJOS PR\u00c1CTICOS:<\/strong><\/p>\n<ul>\n<li>No se trata de <strong>una dieta antic\u00e1ncer<\/strong>, sino de prevenir y tratar<\/li>\n<li>La dieta debe ser <strong>saludable<\/strong>, <strong>no caprichosa ni restringida<\/strong> por miedos y bulos<\/li>\n<li>La <strong>Dieta Mediterr\u00e1nea<\/strong> es la que posee mayor cantidad de nutrientes beneficiosos<\/li>\n<li><strong>Adapta<\/strong> el men\u00fa a tus necesidades (f\u00edsicas, patol\u00f3gicas, personales\u2026)<\/li>\n<li>Si has perdido el apetito o alterado el gusto, realiza <strong>comidas peque\u00f1as pero completas<\/strong><\/li>\n<li>Si sufres de efectos adversos (diarrea, estre\u00f1imiento, v\u00f3mitos\u2026), <strong>cambia tu men\u00fa<\/strong> para minimizarlos<\/li>\n<li>Busca <strong>recetas nuevas<\/strong><\/li>\n<li>Por \u00faltimo, recuerda que <strong>tanto el farmac\u00e9utico de oficina (comunitario) como el farmac\u00e9utico de hospital est\u00e1n preparados<\/strong> para ayudarte y solventar aquellas dudas que te surjan del tratamiento farmacol\u00f3gico y sobre c\u00f3mo conseguir una alimentaci\u00f3n adecuada.<\/li>\n<\/ul>\n<\/div>\n<!-- Separador \"ENLACES\" con margen superior adicional -->\n<h3 class=\"separator enlaces\">Enlaces<\/h3>\n<ul>\n<li><a href=\"https:\/\/www.instagram.com\/p\/DEwW1h0Irr5\/?igsh=MWw5azAzeHE2MDUzcQ==\" target=\"_blank\" rel=\"noopener\">Enlace a Instagram<\/a><\/li>\n<li><a href=\"https:\/\/www.facebook.com\/share\/19h3wY9oi2\/?mibextid=wwXIfr\" target=\"_blank\" rel=\"noopener\">Enlace a Facebook<\/a><\/li>\n<li><a href=\"https:\/\/x.com\/cofzam\/status\/1878691607735910652?s=48&amp;t=O0mxes4yHLKsqkgA9QEPEQ\" target=\"_blank\" rel=\"noopener\">Enlace a X<\/a><\/li>\n<\/ul>\n<\/div>\n<!-- Scripts para el modal -->\n<p><script>\n  \/\/ Obtener elementos del DOM\n  const modal = document.getElementById('imageModal');\n  const modalImg = document.getElementById('modalImage');\n  const closeModal = document.getElementsByClassName('close-modal')[0];\n  const images = document.querySelectorAll('.clickable-image');\n\n  \/\/ A\u00f1adir evento de clic a cada imagen\n  images.forEach(img => {\n    img.addEventListener('click', () => {\n      modal.style.display = 'block';\n      modalImg.src = img.src;\n    });\n  });\n\n  \/\/ Cerrar el modal al hacer clic en la 'x'\n  closeModal.addEventListener('click', () => {\n    modal.style.display = 'none';\n  });\n\n  \/\/ Cerrar el modal al hacer clic fuera de la imagen\n  window.addEventListener('click', (e) => {\n    if (e.target === modal) {\n      modal.style.display = 'none';\n    }\n  });\n<\/script><\/p>\n","protected":false},"excerpt":{"rendered":"<p>Alimentaci\u00f3n en pacientes con C\u00e1ncer \u00d7 Como en cualquier enfermedad, en el paciente con c\u00e1ncer la alimentaci\u00f3n es crucial. La alimentaci\u00f3n puede influir positiva o negativamente en el desarrollo de la enfermedad, ya que no solo impacta en el estado f\u00edsico, sino que tambi\u00e9n puede repercutir en la efectividad del tratamiento farmacol\u00f3gico pautado. CONSECUENCIAS DE [&hellip;]<\/p>\n","protected":false},"author":1,"featured_media":0,"parent":0,"menu_order":0,"comment_status":"closed","ping_status":"closed","template":"","meta":{"footnotes":""},"class_list":["post-3454","page","type-page","status-publish","hentry"],"_links":{"self":[{"href":"https:\/\/www.concyl.es\/index.php\/wp-json\/wp\/v2\/pages\/3454","targetHints":{"allow":["GET"]}}],"collection":[{"href":"https:\/\/www.concyl.es\/index.php\/wp-json\/wp\/v2\/pages"}],"about":[{"href":"https:\/\/www.concyl.es\/index.php\/wp-json\/wp\/v2\/types\/page"}],"author":[{"embeddable":true,"href":"https:\/\/www.concyl.es\/index.php\/wp-json\/wp\/v2\/users\/1"}],"replies":[{"embeddable":true,"href":"https:\/\/www.concyl.es\/index.php\/wp-json\/wp\/v2\/comments?post=3454"}],"version-history":[{"count":78,"href":"https:\/\/www.concyl.es\/index.php\/wp-json\/wp\/v2\/pages\/3454\/revisions"}],"predecessor-version":[{"id":3582,"href":"https:\/\/www.concyl.es\/index.php\/wp-json\/wp\/v2\/pages\/3454\/revisions\/3582"}],"wp:attachment":[{"href":"https:\/\/www.concyl.es\/index.php\/wp-json\/wp\/v2\/media?parent=3454"}],"curies":[{"name":"wp","href":"https:\/\/api.w.org\/{rel}","templated":true}]}}