 {"id":1307,"date":"2021-03-15T15:29:20","date_gmt":"2021-03-15T15:29:20","guid":{"rendered":"http:\/\/www.concyl.es\/?page_id=1307"},"modified":"2022-05-10T15:28:20","modified_gmt":"2022-05-10T15:28:20","slug":"legislacion-colegios-profesionales","status":"publish","type":"page","link":"https:\/\/www.concyl.es\/index.php\/legislacion-colegios-profesionales\/","title":{"rendered":"Legislacion Colegios Profesionales"},"content":{"rendered":"<style>\n<p>h33 {  margin:0% 10% 0% 10%!important;} \nh3 {  color: #FFFCD1!important;  background: #006938!important;  padding: 5px 5px 5px 30px!important;  margin:2% 0% 0% 0%!important;} \nh5 {  color: #FFFCD1!important;  background: #006938!important;  padding: 5px 5px 5px 30px!important;  margin:2% 0% 0% 10%!important;} \nh55 {  margin:3% 10% 0% 10%!important;} \ntable {  margin:1% 10% 0% 10%!important;} \ntd { color:#777777 !important;} \n<\/style>\n<h3>COLEGIOS PROFESIONALES<\/h3>\n<p><!--p style=\" margin:2% 10% 0% 10%!important;\" >  <\/p-->\n<div>\n<p style=\"text-align: justify;\">\n<p><!--p  style='text-align:justify'><span  ><span style='font-size:11.0pt;text-decoration:none;text-underline:none'><o:p>&nbsp;<\/o:p><\/span><\/span><\/p-->\n<p style=\"margin-left: 18.0pt; text-align: justify;\"><a style=\"color: blue!important;\" href=\"https:\/\/www.boe.es\/buscar\/pdf\/1974\/BOE-A-1974-289-consolidado.pdf\"><span style=\"font-size: 11.0pt; text-decoration: none; text-underline: none;\">\u25a1 Ley 2\/1974, de 13 de febrero, sobre Colegios Profesionales.<\/span><\/a><\/p>\n<p style=\"margin-left: 18.0pt; text-align: justify;\"><span style=\"font-size: 11.0pt; text-decoration: none; text-underline: none;\"><a style=\"color: blue!important;\" href=\"https:\/\/bocyl.jcyl.es\/boletines\/1997\/07\/10\/pdf\/BOCYL-D-10071997-1.pdf\" target=\"_blank\" rel=\"noopener\"><span style=\"text-decoration: none; text-underline: none;\">\u25a1 Ley 8\/1997, de 8 de julio, de Colegios Profesionales de Castilla y Le\u00f3n. <\/span><\/a><\/span><\/p>\n<p style=\"margin-left: 18.0pt; text-align: justify;\"><a style=\"color: blue!important;\" href=\"https:\/\/bocyl.jcyl.es\/boletines\/2002\/02\/27\/pdf\/BOCYL-D-27022002-1.pdf\"><span style=\"font-size: 11.0pt; text-decoration: none; text-underline: none;\">\u25a1 Decreto 26\/2002, de 21 de febrero, por el que se aprueba el Reglamento de Colegios Profesionales de Castilla y Le\u00f3n.<\/span><\/a><\/p>\n<p style=\"text-align: justify;\">\n<p style=\"margin-left: 18.0pt; text-align: justify; color: black;\"><span style=\"font-size: 11.0pt; text-decoration: none; text-underline: none;\">Estatutos:<\/span><\/p>\n<p style=\"margin-left: 54.0pt; text-align: justify; text-indent: -18.0pt; mso-list: l8 level1 lfo21; color: black;\"><!-- [if !supportLists]--><span style=\"font-size: 11.0pt; font-family: Symbol; mso-fareast-font-family: Symbol; mso-bidi-font-family: Symbol; text-decoration: none; text-underline: none;\"><span style=\"mso-list: Ignore;\">\u00b7<span style=\"font: 7.0pt 'Roboto';\">\u00a0\u00a0\u00a0\u00a0\u00a0\u00a0\u00a0\u00a0 <\/span><\/span><\/span><!--[endif]--><span class=\"SpellE\"><span style=\"font-size: 11.0pt; text-decoration: none; text-underline: none;\">Concyl<\/span><\/span><span style=\"font-size: 11.0pt; text-decoration: none; text-underline: none;\">: <\/span><\/p>\n<p style=\"margin-left: 90.0pt; text-align: justify;\"><a style=\"color: blue!important;\" href=\"https:\/\/bocyl.jcyl.es\/boletines\/2007\/04\/26\/pdf\/BOCYL-D-26042007-8.pdf\"><span style=\"font-size: 11.0pt; text-decoration: none; text-underline: none;\">\u25a1 Orden PAT\/756\/2007, de 10 de abril, por la que se inscribe en el Registro de Colegios Profesionales y Consejos de Colegios de Castilla y Le\u00f3n, el Estatuto del Consejo de Colegios Profesionales de Farmac\u00e9uticos de Castilla y Le\u00f3n<\/span><\/a><span style=\"font-size: 11.0pt; text-decoration: none; text-underline: none;\">.<\/span><\/p>\n<p style=\"margin-left: 90.0pt; text-align: justify;\"><a style=\"color: blue!important;\" href=\"http:\/\/bocyl.jcyl.es\/boletines\/2011\/01\/24\/pdf\/BOCYL-D-24012011-10.pdf\" target=\"_blank\" rel=\"noopener\"><span style=\"font-size: 11.0pt; text-decoration: none; text-underline: none;\">\u25a1 Orden IYJ\/8\/2011, de 5 de enero, por la que se inscribe en el Registro de Colegios Profesionales y Consejos de Colegios de Castilla y Le\u00f3n, la modificaci\u00f3n del Estatuto Particular del Consejo de Colegios Profesionales de Farmac\u00e9uticos de Castilla y Le\u00f3n. <\/span><\/a><\/p>\n<p style=\"text-align: justify;\">\n<p style=\"margin-left: 54.0pt; text-align: justify; text-indent: -18.0pt; mso-list: l8 level1 lfo21; color: black;\"><!-- [if !supportLists]--><span style=\"font-size: 11.0pt; font-family: Symbol; mso-fareast-font-family: Symbol; mso-bidi-font-family: Symbol; text-decoration: none; text-underline: none;\"><span style=\"mso-list: Ignore;\">\u00b7<span style=\"font: 7.0pt 'Roboto';\">\u00a0\u00a0\u00a0\u00a0\u00a0\u00a0\u00a0\u00a0 <\/span><\/span><\/span><!--[endif]--><span style=\"font-size: 11.0pt; text-decoration: none; text-underline: none;\">Colegios Oficiales de Farmac\u00e9uticos:<\/span><\/p>\n<p style=\"margin-left: 90.0pt; text-align: justify; text-indent: -18.0pt; mso-list: l6 level2 lfo22; color: black;\"><!-- [if !supportLists]--><span style=\"font-size: 11.0pt; font-family: 'Courier New'; mso-fareast-font-family: 'Courier New'; color: black; mso-themecolor: hyperlink;\"><span style=\"mso-list: Ignore;\">o<span style=\"font: 7.0pt 'Roboto';\">\u00a0\u00a0 <\/span><\/span><\/span><!--[endif]-->\u00c1vila:<\/p>\n<p style=\"margin-left: 90.0pt; text-align: justify;\"><a style=\"color: blue!important;\" href=\"https:\/\/bocyl.jcyl.es\/boletines\/2009\/03\/09\/pdf\/BOCYL-D-09032009-23.pdf\"><span style=\"font-size: 11.0pt; text-decoration: none; text-underline: none;\">\u25a1 Orden IYJ\/469\/2009, de 23 de febrero, por la que se inscribe en el Registro de Colegios Profesionales y Consejos de Colegios de Castilla y Le\u00f3n, el Estatuto Particular del Colegio Oficial de Farmac\u00e9uticos de \u00c1vila<\/span><\/a><span style=\"font-size: 11.0pt; text-decoration: none; text-underline: none;\">.<\/span><\/p>\n<p style=\"margin-left: 90.0pt; text-align: justify;\"><a style=\"color: blue!important;\" href=\"http:\/\/bocyl.jcyl.es\/boletines\/2010\/11\/11\/pdf\/BOCYL-D-11112010-5.pdf\" target=\"_blank\" rel=\"noopener\"><span style=\"font-size: 11.0pt; text-decoration: none; text-underline: none;\">\u25a1 Orden IYJ\/1508\/2010, de 5 de octubre, por la que se inscribe en el Registro de Colegios Profesionales y Consejos de Colegios de Castilla y Le\u00f3n, la modificaci\u00f3n del Estatuto Particular del Colegio Oficial de Farmac\u00e9uticos de \u00c1vila<\/span><\/a><span style=\"font-size: 11.0pt; text-decoration: none; text-underline: none;\">.<\/span><\/p>\n<p style=\"margin-left: 90.0pt; text-align: justify; text-indent: -18.0pt; mso-list: l6 level2 lfo22; color: black;\"><!-- [if !supportLists]--><span style=\"font-size: 11.0pt; font-family: 'Courier New'; mso-fareast-font-family: 'Courier New'; text-decoration: none; text-underline: none;\"><span style=\"mso-list: Ignore;\">o<span style=\"font: 7.0pt 'Roboto';\">\u00a0\u00a0 <\/span><\/span><\/span><!--[endif]-->Burgos:<\/p>\n<p style=\"margin-left: 90.0pt; text-align: justify;\"><span style=\"font-size: 11.0pt; text-decoration: none; text-underline: none;\"><a style=\"color: blue!important;\" href=\"https:\/\/bocyl.jcyl.es\/boletines\/2009\/02\/18\/pdf\/BOCYL-D-18022009-32.pdf\" target=\"_blank\" rel=\"noopener\"><span style=\"text-decoration: none; text-underline: none;\">\u25a1 Orden IYJ\/294\/2009 de 26 de enero, por la que se inscribe en el Registro de Colegios Profesionales y Consejos de Colegios de Castilla y Le\u00f3n, el Estatuto Particular del Colegio Oficial de Farmac\u00e9uticos de Burgos. <\/span><\/a><\/span><\/p>\n<p style=\"margin-left: 90.0pt; text-align: justify;\"><a style=\"color: blue!important;\" href=\"http:\/\/bocyl.jcyl.es\/boletines\/2010\/11\/11\/pdf\/BOCYL-D-11112010-6.pdf\" target=\"_blank\" rel=\"noopener\"><span style=\"font-size: 11.0pt; text-decoration: none; text-underline: none;\">\u25a1 Orden IYJ\/1509\/2010, de 18 de octubre, por la que se inscribe en el Registro de Colegios Profesionales y Consejos de Colegios de Castilla y Le\u00f3n, la modificaci\u00f3n del Estatuto Particular del Colegio Oficial de Farmac\u00e9uticos de Burgos.<\/span><\/a><\/p>\n<p style=\"margin-left: 90.0pt; text-align: justify; text-indent: -18.0pt; mso-list: l6 level2 lfo22; color: black;\"><!-- [if !supportLists]--><span style=\"font-size: 11.0pt; font-family: 'Courier New'; mso-fareast-font-family: 'Courier New'; text-decoration: none; text-underline: none;\"><span style=\"mso-list: Ignore;\">o<span style=\"font: 7.0pt 'Roboto';\">\u00a0\u00a0 <\/span><\/span><\/span><!--[endif]-->Le\u00f3n:<\/p>\n<p style=\"margin-left: 90.0pt; text-align: justify;\"><a style=\"color: blue!important;\" href=\"http:\/\/bocyl.jcyl.es\/boletines\/2014\/09\/08\/pdf\/BOCYL-D-08092014-4.pdf\" target=\"_blank\" rel=\"noopener\"><span style=\"font-size: 11.0pt; text-decoration: none; text-underline: none;\">\u25a1 Resoluci\u00f3n de 26 de agosto de 2014, de la Secretar\u00eda General de la Consejer\u00eda de la Presidencia, por la que se inscribe en el Registro de Colegios Profesionales y Consejos de Colegios de Castilla y Le\u00f3n la modificaci\u00f3n del Estatuto Particular del Colegio Oficial de Farmac\u00e9uticos de Le\u00f3n. <\/span><\/a><\/p>\n<p style=\"margin-left: 90.0pt; text-align: justify; text-indent: -18.0pt; mso-list: l6 level2 lfo22; color: black;\"><!-- [if !supportLists]--><span style=\"font-size: 11.0pt; font-family: 'Courier New'; mso-fareast-font-family: 'Courier New'; color: black; mso-themecolor: hyperlink;\"><span style=\"mso-list: Ignore;\">o<span style=\"font: 7.0pt 'Roboto';\">\u00a0\u00a0 <\/span><\/span><\/span><!--[endif]-->Palencia:<\/p>\n<p style=\"margin-left: 90.0pt; text-align: justify;\"><a style=\"color: blue!important;\" href=\"https:\/\/bocyl.jcyl.es\/boletines\/1999\/12\/02\/pdf\/BOCYL-D-02121999-7.pdf\"><span style=\"font-size: 11.0pt; text-decoration: none; text-underline: none;\">\u25a1 Orden de 18 de noviembre de 1999, de la Consejer\u00eda de Presidencia y Administraci\u00f3n Territorial, por la que se inscriben en el Registro de Colegios Profesionales y Consejos de Colegios de Castilla y Le\u00f3n, los Estatutos del Colegio Oficial de Farmac\u00e9uticos de Palencia.<\/span><\/a><\/p>\n<p style=\"margin-left: 90.0pt; text-align: justify;\"><a style=\"color: blue!important;\" href=\"http:\/\/bocyl.jcyl.es\/boletines\/2001\/05\/04\/pdf\/BOCYL-D-04052001-8.pdf\" target=\"_blank\" rel=\"noopener\"><span style=\"font-size: 11.0pt; text-decoration: none; text-underline: none;\">\u25a1 Orden de 2 de abril de 2001, de la Consejer\u00eda de Presidencia y Administraci\u00f3n Territorial, por la que se inscribe en el Registro de Colegios Profesionales y Consejos de Colegios de Castilla y Le\u00f3n, la modificaci\u00f3n de los Estatutos del Colegio Oficial de Farmac\u00e9uticos de Palencia.<\/span><\/a><\/p>\n<p style=\"margin-left: 90.0pt; text-align: justify;\"><a style=\"color: blue!important;\" href=\"http:\/\/bocyl.jcyl.es\/boletines\/2008\/07\/14\/pdf\/BOCYL-D-14072008-15.pdf\" target=\"_blank\" rel=\"noopener\"><span style=\"font-size: 11.0pt; text-decoration: none; text-underline: none;\">\u25a1 Orden IYJ\/1247\/2008, de 26 de junio, por la que se inscribe en el Registro de Colegios Profesionales y Consejos de Colegios de Castilla y Le\u00f3n, las modificaciones del Estatuto Particular del Colegio Oficial de Farmac\u00e9uticos de Palencia. <\/span><\/a><span style=\"font-size: 11.0pt; text-decoration: none; text-underline: none;\"><span style=\"mso-spacerun: yes;\">\u00a0<\/span><\/span><\/p>\n<p style=\"margin-left: 90.0pt; text-align: justify;\"><a style=\"color: blue!important;\" href=\"http:\/\/bocyl.jcyl.es\/boletines\/2010\/11\/11\/pdf\/BOCYL-D-11112010-8.pdf\" target=\"_blank\" rel=\"noopener\"><span style=\"font-size: 11.0pt; text-decoration: none; text-underline: none;\">\u25a1 Orden IYJ\/1511\/2010, de 18 de octubre, por la que se inscribe en el Registro de Colegios Profesionales y Consejos de Colegios de Castilla y Le\u00f3n, la modificaci\u00f3n del Estatuto Particular del Colegio Oficial de Farmac\u00e9uticos de Palencia. <\/span><\/a><\/p>\n<p style=\"margin-left: 90.0pt; text-align: justify; text-indent: -18.0pt; mso-list: l6 level2 lfo22; color: black;\"><!-- [if !supportLists]--><span style=\"font-size: 11.0pt; font-family: 'Courier New'; mso-fareast-font-family: 'Courier New'; color: black; mso-themecolor: hyperlink;\"><span style=\"mso-list: Ignore;\">o<span style=\"font: 7.0pt 'Roboto';\">\u00a0\u00a0 <\/span><\/span><\/span><!--[endif]-->Salamanca:<\/p>\n<p style=\"margin-left: 90.0pt; text-align: justify;\"><a style=\"color: blue!important;\" href=\"https:\/\/bocyl.jcyl.es\/boletines\/2009\/02\/24\/pdf\/BOCYL-D-24022009-15.pdf\"><span style=\"font-size: 11.0pt; text-decoration: none; text-underline: none;\">\u25a1 Orden IYJ\/347\/2009, de 4 de febrero, por la que se inscribe en el Registro de Colegios Profesionales y Consejos de Colegios de Castilla y Le\u00f3n, el Estatuto particular del Colegio Oficial de Farmac\u00e9uticos de Salamanca<\/span><\/a><span style=\"font-size: 11.0pt; text-decoration: none; text-underline: none;\">.<\/span><\/p>\n<p style=\"margin-left: 90.0pt; text-align: justify;\"><a style=\"color: blue!important;\" href=\"http:\/\/bocyl.jcyl.es\/boletines\/2010\/11\/11\/pdf\/BOCYL-D-11112010-9.pdf\" target=\"_blank\" rel=\"noopener\"><span style=\"font-size: 11.0pt; text-decoration: none; text-underline: none;\">\u25a1 Orden IYJ\/1512\/2010, de 7 de octubre, por la que se inscribe en el Registro de Colegios Profesionales y Consejos de Colegios de Castilla y Le\u00f3n, la modificaci\u00f3n del Estatuto Particular del Colegio Oficial de Farmac\u00e9uticos de Salamanca. <\/span><\/a><\/p>\n<p style=\"margin-left: 90.0pt; text-align: justify; text-indent: -18.0pt; mso-list: l6 level2 lfo22; color: black;\"><!-- [if !supportLists]--><span style=\"font-size: 11.0pt; font-family: 'Courier New'; mso-fareast-font-family: 'Courier New'; color: black; mso-themecolor: hyperlink;\"><span style=\"mso-list: Ignore;\">o<span style=\"font: 7.0pt 'Roboto';\">\u00a0\u00a0 <\/span><\/span><\/span><!--[endif]-->Segovia:<\/p>\n<p style=\"margin-left: 90.0pt; text-align: justify;\"><a style=\"color: blue!important;\" href=\"https:\/\/bocyl.jcyl.es\/boletines\/2009\/02\/18\/pdf\/BOCYL-D-18022009-30.pdf\"><span style=\"font-size: 11.0pt; text-decoration: none; text-underline: none;\">\u25a1 Orden IYJ\/291\/2009, de 21 de enero, por la que se inscribe en el Registro de Colegios Profesionales y Consejos de Colegios de Castilla y Le\u00f3n, el Estatuto particular del Colegio Oficial de Farmac\u00e9uticos de Segovia.<\/span><\/a><\/p>\n<p style=\"margin-left: 90.0pt; text-align: justify;\"><a style=\"color: blue!important;\" href=\"http:\/\/bocyl.jcyl.es\/boletines\/2010\/11\/11\/pdf\/BOCYL-D-11112010-10.pdf\" target=\"_blank\" rel=\"noopener\"><span style=\"font-size: 11.0pt; text-decoration: none; text-underline: none;\">\u25a1 Orden IYJ\/1513\/2010, de 21 de octubre, por la que se inscribe en el Registro de Colegios Profesionales y Consejos de Colegios de Castilla y Le\u00f3n, la modificaci\u00f3n del Estatuto Particular del Colegio Oficial de Farmac\u00e9uticos de Segovia.<\/span><\/a><\/p>\n<p style=\"margin-left: 90.0pt; text-align: justify; text-indent: -18.0pt; mso-list: l6 level2 lfo22; color: black;\"><!-- [if !supportLists]--><span style=\"font-size: 11.0pt; font-family: 'Courier New'; mso-fareast-font-family: 'Courier New'; color: black; mso-themecolor: hyperlink;\"><span style=\"mso-list: Ignore;\">o<span style=\"font: 7.0pt 'Roboto';\">\u00a0\u00a0 <\/span><\/span><\/span><!--[endif]-->Soria:<\/p>\n<p style=\"margin-left: 90.0pt; text-align: justify;\"><a style=\"color: blue!important;\" href=\"https:\/\/bocyl.jcyl.es\/boletines\/2009\/02\/18\/pdf\/BOCYL-D-18022009-28.pdf\"><span style=\"font-size: 11.0pt; text-decoration: none; text-underline: none;\">\u25a1 Orden IYJ\/289\/2009, de 20 de enero, por la que se inscribe en el Registro de Colegios Profesionales y Consejos de Colegios de Castilla y Le\u00f3n, el Estatuto particular del Colegio Oficial de Farmac\u00e9uticos de Soria.<\/span><\/a><\/p>\n<p style=\"margin-left: 90.0pt; text-align: justify;\"><a style=\"color: blue!important;\" href=\"http:\/\/bocyl.jcyl.es\/boletines\/2010\/11\/11\/pdf\/BOCYL-D-11112010-11.pdf\" target=\"_blank\" rel=\"noopener\"><span style=\"font-size: 11.0pt; text-decoration: none; text-underline: none;\">\u25a1 Orden IYJ\/1514\/2010, de 6 de octubre, por la que se inscribe en el Registro de Colegios Profesionales y Consejos de Colegios de Castilla y Le\u00f3n, la modificaci\u00f3n del Estatuto Particular del Colegio Oficial de Farmac\u00e9uticos de Soria. <\/span><\/a><\/p>\n<p style=\"margin-left: 90.0pt; text-align: justify; text-indent: -18.0pt; mso-list: l6 level2 lfo22; color: black;\"><!-- [if !supportLists]--><span style=\"font-size: 11.0pt; font-family: 'Courier New'; mso-fareast-font-family: 'Courier New'; color: black; mso-themecolor: hyperlink;\"><span style=\"mso-list: Ignore;\">o<span style=\"font: 7.0pt 'Roboto';\">\u00a0\u00a0 <\/span><\/span><\/span><!--[endif]-->Valladolid:<\/p>\n<p style=\"margin-left: 90.0pt; text-align: justify;\"><a style=\"color: blue!important;\" href=\"https:\/\/bocyl.jcyl.es\/boletines\/2009\/02\/18\/pdf\/BOCYL-D-18022009-29.pdf\"><span style=\"font-size: 11.0pt; text-decoration: none; text-underline: none;\">\u25a1 Orden IYJ\/290\/2009, de 20 de enero, por la que se inscribe en el Registro de Colegios Profesionales y Consejos de Colegios de Castilla y Le\u00f3n, el Estatuto particular del Colegio Oficial de Farmac\u00e9uticos de Valladolid.<\/span><\/a><\/p>\n<p style=\"margin-left: 90.0pt; text-align: justify;\"><a style=\"color: blue!important;\" href=\"http:\/\/bocyl.jcyl.es\/boletines\/2010\/11\/11\/pdf\/BOCYL-D-11112010-12.pdf\" target=\"_blank\" rel=\"noopener\"><span style=\"font-size: 11.0pt; text-decoration: none; text-underline: none;\">\u25a1 Orden IYJ\/1515\/2010, de 6 de octubre, por la que se inscribe en el Registro de Colegios Profesionales y Consejos de Colegios de Castilla y Le\u00f3n, la modificaci\u00f3n del Estatuto Particular del Colegio Oficial de Farmac\u00e9uticos de Valladolid. <\/span><\/a><\/p>\n<p style=\"margin-left: 90.0pt; text-align: justify; text-indent: -18.0pt; mso-list: l6 level2 lfo22; color: black;\"><!-- [if !supportLists]--><span style=\"font-size: 11.0pt; font-family: 'Courier New'; mso-fareast-font-family: 'Courier New'; text-decoration: none; text-underline: none;\"><span style=\"mso-list: Ignore;\">o<span style=\"font: 7.0pt 'Roboto';\">\u00a0\u00a0 <\/span><\/span><\/span><!--[endif]-->Zamora:<\/p>\n<p style=\"margin-left: 90.0pt; text-align: justify;\"><span style=\"font-size: 11.0pt; text-decoration: none; text-underline: none;\"><a style=\"color: blue!important;\" href=\"https:\/\/bocyl.jcyl.es\/boletines\/2009\/02\/18\/pdf\/BOCYL-D-18022009-31.pdf\"><span style=\"text-decoration: none; text-underline: none;\">\u25a1 Orden IYJ\/292\/2009, de 21 de enero, por la que se inscribe en el Registro de Colegios Profesionales y<br \/>\nConsejos de Colegios de Cas-tilla y Le\u00f3n, el Estatuto particular del Colegio Oficial de Farmac\u00e9uticos de Zamora.<\/span><\/a><\/span><\/p>\n<p style=\"margin-left: 90.0pt; text-align: justify;\"><a style=\"color: blue!important;\" href=\"http:\/\/bocyl.jcyl.es\/boletines\/2010\/11\/11\/pdf\/BOCYL-D-11112010-13.pdf\" target=\"_blank\" rel=\"noopener\"><span style=\"font-size: 11.0pt; text-decoration: none; text-underline: none;\">\u25a1 Orden IYJ\/1516\/2010, de 6 de octubre, por la que se inscribe en el Registro de Colegios Profesionales y Consejos de Colegios de Castilla y Le\u00f3n, la modificaci\u00f3n del Estatuto Particular del Colegio Oficial de Farmac\u00e9uticos de Zamora.<\/span><\/a><\/p>\n<\/div>\n","protected":false},"excerpt":{"rendered":"<p>COLEGIOS PROFESIONALES \u25a1 Ley 2\/1974, de 13 de febrero, sobre Colegios Profesionales. \u25a1 Ley 8\/1997, de 8 de julio, de Colegios Profesionales de Castilla y Le\u00f3n. \u25a1 Decreto 26\/2002, de 21 de febrero, por el que se aprueba el Reglamento de Colegios Profesionales de Castilla y Le\u00f3n. Estatutos: \u00b7\u00a0\u00a0\u00a0\u00a0\u00a0\u00a0\u00a0\u00a0 Concyl: \u25a1 Orden PAT\/756\/2007, de 10 [&hellip;]<\/p>\n","protected":false},"author":1,"featured_media":0,"parent":0,"menu_order":0,"comment_status":"closed","ping_status":"closed","template":"page-full-width.php","meta":{"footnotes":""},"class_list":["post-1307","page","type-page","status-publish","hentry"],"_links":{"self":[{"href":"https:\/\/www.concyl.es\/index.php\/wp-json\/wp\/v2\/pages\/1307","targetHints":{"allow":["GET"]}}],"collection":[{"href":"https:\/\/www.concyl.es\/index.php\/wp-json\/wp\/v2\/pages"}],"about":[{"href":"https:\/\/www.concyl.es\/index.php\/wp-json\/wp\/v2\/types\/page"}],"author":[{"embeddable":true,"href":"https:\/\/www.concyl.es\/index.php\/wp-json\/wp\/v2\/users\/1"}],"replies":[{"embeddable":true,"href":"https:\/\/www.concyl.es\/index.php\/wp-json\/wp\/v2\/comments?post=1307"}],"version-history":[{"count":23,"href":"https:\/\/www.concyl.es\/index.php\/wp-json\/wp\/v2\/pages\/1307\/revisions"}],"predecessor-version":[{"id":2990,"href":"https:\/\/www.concyl.es\/index.php\/wp-json\/wp\/v2\/pages\/1307\/revisions\/2990"}],"wp:attachment":[{"href":"https:\/\/www.concyl.es\/index.php\/wp-json\/wp\/v2\/media?parent=1307"}],"curies":[{"name":"wp","href":"https:\/\/api.w.org\/{rel}","templated":true}]}}