 {"id":1092,"date":"2019-12-02T11:30:01","date_gmt":"2019-12-02T11:30:01","guid":{"rendered":"http:\/\/www.concyl.es\/?page_id=1092"},"modified":"2023-12-18T12:26:20","modified_gmt":"2023-12-18T12:26:20","slug":"politica-de-privacidad","status":"publish","type":"page","link":"https:\/\/www.concyl.es\/index.php\/politica-de-privacidad\/","title":{"rendered":"Pol\u00edtica de privacidad"},"content":{"rendered":"\n<p><a name=\"Inicio_p\"><\/a><\/p>\n<h3><strong>POL\u00cdTICA DE PRIVACIDAD<\/strong><\/h3>\n<h3><b> INFORMACI\u00d3N AL USUARIO<\/b><\/h3>\n<p><b>\u00bfQui\u00e9n es el responsable del tratamiento de tus datos personales?<\/b><\/p>\n<p><b>Consejo de Colegios Profesionales de Farmac\u00e9uticos de Castilla y Le\u00f3n<\/b><span style=\"font-weight: 400;\"> es el RESPONSABLE del tratamiento de los datos personales del USUARIO y le informa de que estos datos ser\u00e1n tratados de conformidad con lo dispuesto en el Reglamento (UE) 2016\/679, de 27 de abril (GDPR), y la Ley Org\u00e1nica 3\/2018, de 5 de diciembre (LOPDGDD).<\/span><\/p>\n<p><b>\u00bfPara qu\u00e9 tratamos tus datos personales y por qu\u00e9 lo hacemos?<\/b><\/p>\n<p><span style=\"font-weight: 400;\">Seg\u00fan el formulario donde hayamos obtenido sus datos personales, los trataremos de manera confidencial para alcanzar los siguientes fines:<\/span><\/p>\n<p><span style=\"font-weight: 400;\">En el formulario <\/span><b>Canal \u00e9tico o de denuncias<\/b><\/p>\n<ul>\n<li>\n<p>Gestionar adecuadamente el canal \u00e9tico, tramitando las correspondientes irregularidades notificadas a trav\u00e9s del mismo, y decidiendo sobre la procedencia de iniciar una investigaci\u00f3n, al objeto de detectar posibles delitos y prevenir la imposici\u00f3n de cualquier tipo de responsabilidad, as\u00ed como para evitar cualquier tipo de conducta contraria a la normativa interna o externa de la entidad. (para el cumplimiento de una obligaci\u00f3n legal, 6.1.c GDPR)<\/p>\n<\/li>\n<\/ul>\n<p><span style=\"font-weight: 400;\">En el formulario <\/span><b>Registro de usuario<\/b><\/p>\n<ul>\n<li style=\"font-weight: 400;\" aria-level=\"1\">\n<p><span style=\"color: #000000;\"><span style=\"font-weight: 400;\">Gestionar la cuenta del usuario para proporcionarle un acceso personalizado a la p\u00e1gina web y a los servicios interactivos que ofrece. <\/span>(<i style=\"font-size: inherit;\">por el consentimiento del interesado, 6.1.a GDPR<\/i><span style=\"font-size: inherit;\">)<\/span><\/span><\/p>\n<\/li>\n<\/ul>\n<p><b>\u00bfDurante cu\u00e1nto tiempo guardaremos tus datos personales?<\/b><\/p>\n<p><span style=\"font-weight: 400;\">Se conservar\u00e1n durante no m\u00e1s tiempo del necesario para mantener el fin del tratamiento o existan prescripciones legales que dictaminen su custodia y cuando ya no sea necesario para ello, se suprimir\u00e1n con medidas de seguridad adecuadas para garantizar la anonimizaci\u00f3n de los datos o la destrucci\u00f3n total de los mismos.<\/span><\/p>\n<p><b>\u00bfA qui\u00e9n facilitamos sus datos personales?<\/b><\/p>\n<p><span style=\"font-weight: 400;\">No est\u00e1 prevista ninguna comunicaci\u00f3n de datos personales a terceros salvo, si fuese necesario para el desarrollo y ejecuci\u00f3n de las finalidades del tratamiento, a nuestros proveedores de servicios relacionados con comunicaciones, con los cuales el RESPONSABLE tiene suscritos los contratos de confidencialidad y de encargado de tratamiento exigidos por la normativa vigente de privacidad.<\/span><\/p>\n<p><b>\u00bfCu\u00e1les son tus derechos?<\/b><\/p>\n<p><span style=\"font-weight: 400;\">Los derechos que asisten al USUARIO son:<\/span><\/p>\n<ul>\n<li>Derecho a retirar el consentimiento en cualquier momento.<\/li>\n<li>Derecho de acceso, rectificaci\u00f3n, portabilidad y supresi\u00f3n de sus datos, y de limitaci\u00f3n u oposici\u00f3n a su tratamiento.<\/li>\n<li>Derecho a presentar una reclamaci\u00f3n ante la autoridad de control (www.aepd.es) si considera que el tratamiento no se ajusta a la normativa vigente.<\/li>\n<\/ul>\n<p><b>Datos de contacto para ejercer sus derechos<\/b><span style=\"font-weight: 400;\">:<\/span><\/p>\n<p><span style=\"font-weight: 400;\">Consejo de Colegios Profesionales de Farmac\u00e9uticos de Castilla y Le\u00f3n. C\/Miguel Iscar, 7 1\u00ba. Izq &#8211; 47001 Valladolid (Valladolid). E-mail: concyl@redfarma.org<\/span><b>Datos de contacto del delegado de protecci\u00f3n de datos:<\/b><span style=\"font-weight: 400;\"> RS SERVICIOS JUR\u00cdDICOS S.L., &#8211; dpo@rsprivacidad.es<\/span><\/p>\n<h3>\u00a0<\/h3>\n<h3><b> CAR\u00c1CTER OBLIGATORIO O FACULTATIVO DE LA INFORMACI\u00d3N FACILITADA POR EL USUARIO<\/b><\/h3>\n<p><span style=\"font-weight: 400;\">Los USUARIOS, mediante la marcaci\u00f3n de las casillas correspondientes y la entrada de datos en los campos, marcados con un asterisco (*) en el formulario de contacto o presentados en formularios de descarga, aceptan expresamente y de forma libre e inequ\u00edvoca, que sus datos son necesarios para atender su petici\u00f3n, por parte del prestador, siendo voluntaria la inclusi\u00f3n de datos en los campos restantes. El USUARIO garantiza que los datos personales facilitados al RESPONSABLE son veraces y se hace responsable de comunicar cualquier modificaci\u00f3n de los mismos.<\/span><\/p>\n<p><span style=\"font-weight: 400;\">El RESPONSABLE informa de que todos los datos solicitados a trav\u00e9s del sitio web son obligatorios, ya que son necesarios para la prestaci\u00f3n de un servicio \u00f3ptimo al USUARIO. En caso de que no se faciliten todos los datos, no se garantiza que la informaci\u00f3n y servicios facilitados sean completamente ajustados a sus necesidades.<\/span><\/p>\n<h3>\u00a0<\/h3>\n<h3><b> MEDIDAS DE SEGURIDAD<\/b><\/h3>\n<p><span style=\"font-weight: 400;\">Que de conformidad con lo dispuesto en las normativas vigentes en protecci\u00f3n de datos personales, el RESPONSABLE est\u00e1 cumpliendo con todas las disposiciones de las normativas GDPR y LOPDGDD para el tratamiento de los datos personales de su responsabilidad, y manifiestamente con los principios descritos en el art\u00edculo 5 del GDPR, por los cuales son tratados de manera l\u00edcita, leal y transparente en relaci\u00f3n con el interesado y adecuados, pertinentes y limitados a lo necesario en relaci\u00f3n con los fines para los que son tratados.<\/span><\/p>\n<p><span style=\"font-weight: 400;\">El RESPONSABLE garantiza que ha implementado pol\u00edticas t\u00e9cnicas y organizativas apropiadas para aplicar las medidas de seguridad que establecen el GDPR y la LOPDGDD con el fin de proteger los derechos y libertades de los USUARIOS y les ha comunicado la informaci\u00f3n adecuada para que puedan ejercerlos.<\/span><\/p>\n<p><span style=\"font-weight: 400;\">Para m\u00e1s informaci\u00f3n sobre las garant\u00edas de privacidad, puedes dirigirte al RESPONSABLE a trav\u00e9s de Consejo de Colegios Profesionales de Farmac\u00e9uticos de Castilla y Le\u00f3n. C\/Miguel Iscar, 7 1\u00ba. Izq &#8211; 47001 Valladolid (Valladolid). E-mail: concyl@redfarma.org<\/span><b>Datos de contacto del delegado de protecci\u00f3n de datos:<\/b><span style=\"font-weight: 400;\"> RS SERVICIOS JUR\u00cdDICOS S.L., &#8211; dpo@rsprivacidad.es<\/span><\/p>\n\n\n\n<p><\/p>\n","protected":false},"excerpt":{"rendered":"<p>POL\u00cdTICA DE PRIVACIDAD INFORMACI\u00d3N AL USUARIO \u00bfQui\u00e9n es el responsable del tratamiento de tus datos personales? Consejo de Colegios Profesionales de Farmac\u00e9uticos de Castilla y Le\u00f3n es el RESPONSABLE del tratamiento de los datos personales del USUARIO y le informa de que estos datos ser\u00e1n tratados de conformidad con lo dispuesto en el Reglamento (UE) [&hellip;]<\/p>\n","protected":false},"author":1,"featured_media":0,"parent":0,"menu_order":0,"comment_status":"closed","ping_status":"closed","template":"","meta":{"footnotes":""},"class_list":["post-1092","page","type-page","status-publish","hentry"],"_links":{"self":[{"href":"https:\/\/www.concyl.es\/index.php\/wp-json\/wp\/v2\/pages\/1092","targetHints":{"allow":["GET"]}}],"collection":[{"href":"https:\/\/www.concyl.es\/index.php\/wp-json\/wp\/v2\/pages"}],"about":[{"href":"https:\/\/www.concyl.es\/index.php\/wp-json\/wp\/v2\/types\/page"}],"author":[{"embeddable":true,"href":"https:\/\/www.concyl.es\/index.php\/wp-json\/wp\/v2\/users\/1"}],"replies":[{"embeddable":true,"href":"https:\/\/www.concyl.es\/index.php\/wp-json\/wp\/v2\/comments?post=1092"}],"version-history":[{"count":21,"href":"https:\/\/www.concyl.es\/index.php\/wp-json\/wp\/v2\/pages\/1092\/revisions"}],"predecessor-version":[{"id":3213,"href":"https:\/\/www.concyl.es\/index.php\/wp-json\/wp\/v2\/pages\/1092\/revisions\/3213"}],"wp:attachment":[{"href":"https:\/\/www.concyl.es\/index.php\/wp-json\/wp\/v2\/media?parent=1092"}],"curies":[{"name":"wp","href":"https:\/\/api.w.org\/{rel}","templated":true}]}}